{"id":36,"date":"2025-04-03T12:16:23","date_gmt":"2025-04-03T12:16:23","guid":{"rendered":"https:\/\/hope-day.org\/?page_id=36"},"modified":"2026-02-14T01:27:22","modified_gmt":"2026-02-14T00:27:22","slug":"mot-de-la-fondatrice","status":"publish","type":"page","link":"https:\/\/hope-day.org\/en\/mot-de-la-fondatrice\/","title":{"rendered":"Founder's Message"},"content":{"rendered":"<div data-elementor-type=\"wp-page\" data-elementor-id=\"36\" class=\"elementor elementor-36\" data-elementor-post-type=\"page\">\n\t\t\t\t<div class=\"elementor-element elementor-element-55931ea e-flex e-con-boxed e-con e-parent\" data-id=\"55931ea\" data-element_type=\"container\" data-settings=\"{&quot;background_background&quot;:&quot;classic&quot;}\">\n\t\t\t\t\t<div class=\"e-con-inner\">\n\t\t<div class=\"elementor-element elementor-element-3e994dc e-con-full e-flex e-con e-child\" data-id=\"3e994dc\" data-element_type=\"container\">\n\t\t\t\t<div class=\"elementor-element elementor-element-61695ce elementor-widget__width-initial elementor-widget elementor-widget-image\" data-id=\"61695ce\" data-element_type=\"widget\" data-widget_type=\"image.default\">\n\t\t\t\t<div class=\"elementor-widget-container\">\n\t\t\t\t\t\t\t\t\t\t\t\t\t\t\t<img fetchpriority=\"high\" decoding=\"async\" width=\"720\" height=\"982\" src=\"https:\/\/hope-day.org\/wp-content\/uploads\/2025\/09\/PHOTO-2025-08-26-14-05-23-2-751x1024.jpg\" class=\"attachment-large size-large wp-image-969\" alt=\"\" srcset=\"https:\/\/hope-day.org\/wp-content\/uploads\/2025\/09\/PHOTO-2025-08-26-14-05-23-2-751x1024.jpg 751w, https:\/\/hope-day.org\/wp-content\/uploads\/2025\/09\/PHOTO-2025-08-26-14-05-23-2-220x300.jpg 220w, https:\/\/hope-day.org\/wp-content\/uploads\/2025\/09\/PHOTO-2025-08-26-14-05-23-2-768x1047.jpg 768w, https:\/\/hope-day.org\/wp-content\/uploads\/2025\/09\/PHOTO-2025-08-26-14-05-23-2.jpg 792w\" sizes=\"(max-width: 720px) 100vw, 720px\" \/>\t\t\t\t\t\t\t\t\t\t\t\t\t\t\t<\/div>\n\t\t\t\t<\/div>\n\t\t\t\t<\/div>\n\t\t<div class=\"elementor-element elementor-element-f010c95 e-con-full e-flex e-con e-child\" data-id=\"f010c95\" data-element_type=\"container\">\n\t\t<div class=\"elementor-element elementor-element-cfe6a26 e-con-full e-flex e-con e-child\" data-id=\"cfe6a26\" data-element_type=\"container\">\n\t\t\t\t<div class=\"elementor-element elementor-element-0b8dbd8 elementor-widget elementor-widget-heading\" data-id=\"0b8dbd8\" data-element_type=\"widget\" data-widget_type=\"heading.default\">\n\t\t\t\t<div class=\"elementor-widget-container\">\n\t\t\t\t\t<h2 class=\"elementor-heading-title elementor-size-default\">Founder's Message<\/h2>\t\t\t\t<\/div>\n\t\t\t\t<\/div>\n\t\t\t\t<div class=\"elementor-element elementor-element-db57e26 elementor-widget-divider--view-line elementor-widget elementor-widget-divider\" data-id=\"db57e26\" data-element_type=\"widget\" data-widget_type=\"divider.default\">\n\t\t\t\t<div class=\"elementor-widget-container\">\n\t\t\t\t\t\t\t<div class=\"elementor-divider\">\n\t\t\t<span class=\"elementor-divider-separator\">\n\t\t\t\t\t\t<\/span>\n\t\t<\/div>\n\t\t\t\t\t\t<\/div>\n\t\t\t\t<\/div>\n\t\t\t\t<\/div>\n\t\t<div class=\"elementor-element elementor-element-ea672d9 e-con-full e-flex e-con e-child\" data-id=\"ea672d9\" data-element_type=\"container\">\n\t\t\t\t<div class=\"elementor-element elementor-element-d25008e elementor-widget elementor-widget-text-editor\" data-id=\"d25008e\" data-element_type=\"widget\" data-widget_type=\"text-editor.default\">\n\t\t\t\t<div class=\"elementor-widget-container\">\n\t\t\t\t\t\t\t\t\t<p>Hope Day Cameroon was born from a painful reality: children from underprivileged backgrounds who are deprived of education and guidance, often affected by poverty, the harmful effects of climate change, the crises in the North-West and South-West regions, and the violence of Boko Haram.<\/p><p>In the face of these injustices, we chose to hope differently\u2014to take action so that every child, regardless of their environment, can reclaim the right to learn, dream, and grow with dignity.<\/p><p>Our mission is simple but vital: to give meaning to these children\u2019s futures\u2014futures built on solidarity, protection, and education.<\/p><p><strong>\"Because a single day of hope can be enough to change a life.\"<\/strong><\/p>\t\t\t\t\t\t\t\t<\/div>\n\t\t\t\t<\/div>\n\t\t\t\t<\/div>\n\t\t<div class=\"elementor-element elementor-element-fe84902 e-con-full e-flex e-con e-child\" data-id=\"fe84902\" data-element_type=\"container\">\n\t\t\t\t<div class=\"elementor-element elementor-element-af16ba7 elementor-widget elementor-widget-image\" data-id=\"af16ba7\" data-element_type=\"widget\" data-widget_type=\"image.default\">\n\t\t\t\t<div class=\"elementor-widget-container\">\n\t\t\t\t\t\t\t\t\t\t\t\t\t\t\t<img decoding=\"async\" width=\"500\" height=\"106\" src=\"https:\/\/hope-day.org\/wp-content\/uploads\/2025\/10\/PRISCA.png\" class=\"attachment-large size-large wp-image-979\" alt=\"Yimga Prisca\" srcset=\"https:\/\/hope-day.org\/wp-content\/uploads\/2025\/10\/PRISCA.png 500w, https:\/\/hope-day.org\/wp-content\/uploads\/2025\/10\/PRISCA-300x64.png 300w\" sizes=\"(max-width: 500px) 100vw, 500px\" \/>\t\t\t\t\t\t\t\t\t\t\t\t\t\t\t<\/div>\n\t\t\t\t<\/div>\n\t\t\t\t<div class=\"elementor-element elementor-element-023587e elementor-widget elementor-widget-heading\" data-id=\"023587e\" data-element_type=\"widget\" data-widget_type=\"heading.default\">\n\t\t\t\t<div class=\"elementor-widget-container\">\n\t\t\t\t\t<h2 class=\"elementor-heading-title elementor-size-default\">Founder and President<\/h2>\t\t\t\t<\/div>\n\t\t\t\t<\/div>\n\t\t\t\t<\/div>\n\t\t\t\t<\/div>\n\t\t\t\t\t<\/div>\n\t\t\t\t<\/div>\n\t\t<div class=\"elementor-element elementor-element-7cae6a0 e-flex e-con-boxed e-con e-parent\" data-id=\"7cae6a0\" data-element_type=\"container\" data-settings=\"{&quot;background_background&quot;:&quot;classic&quot;,&quot;shape_divider_top&quot;:&quot;mountains&quot;}\">\n\t\t\t\t\t<div class=\"e-con-inner\">\n\t\t\t\t<div class=\"elementor-shape elementor-shape-top\" data-negative=\"false\">\n\t\t\t<svg xmlns=\"http:\/\/www.w3.org\/2000\/svg\" viewbox=\"0 0 1000 100\" preserveaspectratio=\"none\">\n\t<path class=\"elementor-shape-fill\" opacity=\"0.33\" d=\"M473,67.3c-203.9,88.3-263.1-34-320.3,0C66,119.1,0,59.7,0,59.7V0h1000v59.7 c0,0-62.1,26.1-94.9,29.3c-32.8,3.3-62.8-12.3-75.8-22.1C806,49.6,745.3,8.7,694.9,4.7S492.4,59,473,67.3z\"\/>\n\t<path class=\"elementor-shape-fill\" opacity=\"0.66\" d=\"M734,67.3c-45.5,0-77.2-23.2-129.1-39.1c-28.6-8.7-150.3-10.1-254,39.1 s-91.7-34.4-149.2,0C115.7,118.3,0,39.8,0,39.8V0h1000v36.5c0,0-28.2-18.5-92.1-18.5C810.2,18.1,775.7,67.3,734,67.3z\"\/>\n\t<path class=\"elementor-shape-fill\" d=\"M766.1,28.9c-200-57.5-266,65.5-395.1,19.5C242,1.8,242,5.4,184.8,20.6C128,35.8,132.3,44.9,89.9,52.5C28.6,63.7,0,0,0,0 h1000c0,0-9.9,40.9-83.6,48.1S829.6,47,766.1,28.9z\"\/>\n<\/svg>\t\t<\/div>\n\t\t\t\t<div class=\"elementor-element elementor-element-02b4743 elementor-align-center elementor-widget__width-initial elementor-widget elementor-widget-button\" data-id=\"02b4743\" data-element_type=\"widget\" data-widget_type=\"button.default\">\n\t\t\t\t<div class=\"elementor-widget-container\">\n\t\t\t\t\t\t\t\t\t<div class=\"elementor-button-wrapper\">\n\t\t\t\t\t<a class=\"elementor-button elementor-button-link elementor-size-sm elementor-animation-pulse\" href=\"https:\/\/hope-day.org\/en\/rejoignez-nous\/\">\n\t\t\t\t\t\t<span class=\"elementor-button-content-wrapper\">\n\t\t\t\t\t\t\t\t\t<span class=\"elementor-button-text\">Join Us<\/span>\n\t\t\t\t\t<\/span>\n\t\t\t\t\t<\/a>\n\t\t\t\t<\/div>\n\t\t\t\t\t\t\t\t<\/div>\n\t\t\t\t<\/div>\n\t\t\t\t<div class=\"elementor-element elementor-element-b27b0f9 elementor-widget elementor-widget-spacer\" data-id=\"b27b0f9\" data-element_type=\"widget\" data-widget_type=\"spacer.default\">\n\t\t\t\t<div class=\"elementor-widget-container\">\n\t\t\t\t\t\t\t<div class=\"elementor-spacer\">\n\t\t\t<div class=\"elementor-spacer-inner\"><\/div>\n\t\t<\/div>\n\t\t\t\t\t\t<\/div>\n\t\t\t\t<\/div>\n\t\t\t\t\t<\/div>\n\t\t\t\t<\/div>\n\t\t\t\t<\/div>","protected":false},"excerpt":{"rendered":"<p>Mot de la Fondatrice Hope Day Cameroon est n\u00e9 d\u2019une r\u00e9alit\u00e9 douloureuse, celle des enfants issus de milieux d\u00e9favoris\u00e9s, priv\u00e9s d\u2019\u00e9ducation et de rep\u00e8res, souvent marqu\u00e9s par la pauvret\u00e9, les effets n\u00e9fastes du changement climatique, les crises du Nord-Ouest et du Sud-Ouest, ou encore les violences de Boko Haram. Face \u00e0 ces injustices, nous avons choisi d\u2019esp\u00e9rer autrement, d\u2019agir pour [&hellip;]<\/p>","protected":false},"author":1,"featured_media":0,"parent":0,"menu_order":0,"comment_status":"closed","ping_status":"closed","template":"elementor_header_footer","meta":{"footnotes":""},"class_list":["post-36","page","type-page","status-publish","hentry"],"yoast_head":"<!-- This site is optimized with the Yoast SEO plugin v26.8 - https:\/\/yoast.com\/product\/yoast-seo-wordpress\/ -->\n<title>Mot de la Fondatrice - Hope Day Cameroon Organization<\/title>\n<meta name=\"description\" content=\"Yimga Prisca, fondatrice de Hope Day Cameroon exprime sa vision et son engagement pour l\u2019\u00e9ducation, la protection et les droits des enfants.\" \/>\n<meta name=\"robots\" content=\"index, follow, max-snippet:-1, max-image-preview:large, max-video-preview:-1\" \/>\n<link rel=\"canonical\" href=\"https:\/\/hope-day.org\/en\/mot-de-la-fondatrice\/\" \/>\n<meta property=\"og:locale\" content=\"en_GB\" \/>\n<meta property=\"og:type\" content=\"article\" \/>\n<meta property=\"og:title\" content=\"Mot de la Fondatrice - Hope Day Cameroon Organization\" \/>\n<meta property=\"og:description\" content=\"Yimga Prisca, fondatrice de Hope Day Cameroon exprime sa vision et son engagement pour l\u2019\u00e9ducation, la protection et les droits des enfants.\" \/>\n<meta property=\"og:url\" content=\"https:\/\/hope-day.org\/en\/mot-de-la-fondatrice\/\" \/>\n<meta property=\"og:site_name\" content=\"Hope Day Cameroon Organization\" \/>\n<meta property=\"article:modified_time\" content=\"2026-02-14T00:27:22+00:00\" \/>\n<meta property=\"og:image\" content=\"http:\/\/hope-day.org\/wp-content\/uploads\/2025\/09\/PHOTO-2025-08-26-14-05-23-2-751x1024.jpg\" \/>\n<meta name=\"twitter:card\" content=\"summary_large_image\" \/>\n<meta name=\"twitter:label1\" content=\"Estimated reading time\" \/>\n\t<meta name=\"twitter:data1\" content=\"1 minute\" \/>\n<script type=\"application\/ld+json\" class=\"yoast-schema-graph\">{\"@context\":\"https:\/\/schema.org\",\"@graph\":[{\"@type\":\"WebPage\",\"@id\":\"https:\/\/hope-day.org\/mot-de-la-fondatrice\/\",\"url\":\"https:\/\/hope-day.org\/mot-de-la-fondatrice\/\",\"name\":\"Mot de la Fondatrice - Hope Day Cameroon Organization\",\"isPartOf\":{\"@id\":\"https:\/\/hope-day.org\/#website\"},\"primaryImageOfPage\":{\"@id\":\"https:\/\/hope-day.org\/mot-de-la-fondatrice\/#primaryimage\"},\"image\":{\"@id\":\"https:\/\/hope-day.org\/mot-de-la-fondatrice\/#primaryimage\"},\"thumbnailUrl\":\"http:\/\/hope-day.org\/wp-content\/uploads\/2025\/09\/PHOTO-2025-08-26-14-05-23-2-751x1024.jpg\",\"datePublished\":\"2025-04-03T12:16:23+00:00\",\"dateModified\":\"2026-02-14T00:27:22+00:00\",\"description\":\"Yimga Prisca, fondatrice de Hope Day Cameroon exprime sa vision et son engagement pour l\u2019\u00e9ducation, la protection et les droits des enfants.\",\"breadcrumb\":{\"@id\":\"https:\/\/hope-day.org\/mot-de-la-fondatrice\/#breadcrumb\"},\"inLanguage\":\"en-GB\",\"potentialAction\":[{\"@type\":\"ReadAction\",\"target\":[\"https:\/\/hope-day.org\/mot-de-la-fondatrice\/\"]}]},{\"@type\":\"ImageObject\",\"inLanguage\":\"en-GB\",\"@id\":\"https:\/\/hope-day.org\/mot-de-la-fondatrice\/#primaryimage\",\"url\":\"http:\/\/hope-day.org\/wp-content\/uploads\/2025\/09\/PHOTO-2025-08-26-14-05-23-2-751x1024.jpg\",\"contentUrl\":\"http:\/\/hope-day.org\/wp-content\/uploads\/2025\/09\/PHOTO-2025-08-26-14-05-23-2-751x1024.jpg\"},{\"@type\":\"BreadcrumbList\",\"@id\":\"https:\/\/hope-day.org\/mot-de-la-fondatrice\/#breadcrumb\",\"itemListElement\":[{\"@type\":\"ListItem\",\"position\":1,\"name\":\"Home\",\"item\":\"https:\/\/hope-day.org\/\"},{\"@type\":\"ListItem\",\"position\":2,\"name\":\"Mot de la Fondatrice\"}]},{\"@type\":\"WebSite\",\"@id\":\"https:\/\/hope-day.org\/#website\",\"url\":\"https:\/\/hope-day.org\/\",\"name\":\"Hope Day Cameroon Organization\",\"description\":\"Association pour la protection et le droit de l&#039;enfant au Caemeroun\",\"publisher\":{\"@id\":\"https:\/\/hope-day.org\/#organization\"},\"potentialAction\":[{\"@type\":\"SearchAction\",\"target\":{\"@type\":\"EntryPoint\",\"urlTemplate\":\"https:\/\/hope-day.org\/?s={search_term_string}\"},\"query-input\":{\"@type\":\"PropertyValueSpecification\",\"valueRequired\":true,\"valueName\":\"search_term_string\"}}],\"inLanguage\":\"en-GB\"},{\"@type\":\"Organization\",\"@id\":\"https:\/\/hope-day.org\/#organization\",\"name\":\"Hope Day Cameroon Organization\",\"url\":\"https:\/\/hope-day.org\/\",\"logo\":{\"@type\":\"ImageObject\",\"inLanguage\":\"en-GB\",\"@id\":\"https:\/\/hope-day.org\/#\/schema\/logo\/image\/\",\"url\":\"https:\/\/hope-day.org\/wp-content\/uploads\/2025\/04\/cropped-cropped-logo-bleu.png\",\"contentUrl\":\"https:\/\/hope-day.org\/wp-content\/uploads\/2025\/04\/cropped-cropped-logo-bleu.png\",\"width\":4007,\"height\":1401,\"caption\":\"Hope Day Cameroon Organization\"},\"image\":{\"@id\":\"https:\/\/hope-day.org\/#\/schema\/logo\/image\/\"}}]}<\/script>\n<!-- \/ Yoast SEO plugin. -->","yoast_head_json":{"title":"Mot de la Fondatrice - Hope Day Cameroon Organization","description":"Yimga Prisca, fondatrice de Hope Day Cameroon exprime sa vision et son engagement pour l\u2019\u00e9ducation, la protection et les droits des enfants.","robots":{"index":"index","follow":"follow","max-snippet":"max-snippet:-1","max-image-preview":"max-image-preview:large","max-video-preview":"max-video-preview:-1"},"canonical":"https:\/\/hope-day.org\/en\/mot-de-la-fondatrice\/","og_locale":"en_GB","og_type":"article","og_title":"Mot de la Fondatrice - Hope Day Cameroon Organization","og_description":"Yimga Prisca, fondatrice de Hope Day Cameroon exprime sa vision et son engagement pour l\u2019\u00e9ducation, la protection et les droits des enfants.","og_url":"https:\/\/hope-day.org\/en\/mot-de-la-fondatrice\/","og_site_name":"Hope Day Cameroon Organization","article_modified_time":"2026-02-14T00:27:22+00:00","og_image":[{"url":"http:\/\/hope-day.org\/wp-content\/uploads\/2025\/09\/PHOTO-2025-08-26-14-05-23-2-751x1024.jpg","type":"","width":"","height":""}],"twitter_card":"summary_large_image","twitter_misc":{"Estimated reading time":"1 minute"},"schema":{"@context":"https:\/\/schema.org","@graph":[{"@type":"WebPage","@id":"https:\/\/hope-day.org\/mot-de-la-fondatrice\/","url":"https:\/\/hope-day.org\/mot-de-la-fondatrice\/","name":"Mot de la Fondatrice - Hope Day Cameroon Organization","isPartOf":{"@id":"https:\/\/hope-day.org\/#website"},"primaryImageOfPage":{"@id":"https:\/\/hope-day.org\/mot-de-la-fondatrice\/#primaryimage"},"image":{"@id":"https:\/\/hope-day.org\/mot-de-la-fondatrice\/#primaryimage"},"thumbnailUrl":"http:\/\/hope-day.org\/wp-content\/uploads\/2025\/09\/PHOTO-2025-08-26-14-05-23-2-751x1024.jpg","datePublished":"2025-04-03T12:16:23+00:00","dateModified":"2026-02-14T00:27:22+00:00","description":"Yimga Prisca, fondatrice de Hope Day Cameroon exprime sa vision et son engagement pour l\u2019\u00e9ducation, la protection et les droits des enfants.","breadcrumb":{"@id":"https:\/\/hope-day.org\/mot-de-la-fondatrice\/#breadcrumb"},"inLanguage":"en-GB","potentialAction":[{"@type":"ReadAction","target":["https:\/\/hope-day.org\/mot-de-la-fondatrice\/"]}]},{"@type":"ImageObject","inLanguage":"en-GB","@id":"https:\/\/hope-day.org\/mot-de-la-fondatrice\/#primaryimage","url":"http:\/\/hope-day.org\/wp-content\/uploads\/2025\/09\/PHOTO-2025-08-26-14-05-23-2-751x1024.jpg","contentUrl":"http:\/\/hope-day.org\/wp-content\/uploads\/2025\/09\/PHOTO-2025-08-26-14-05-23-2-751x1024.jpg"},{"@type":"BreadcrumbList","@id":"https:\/\/hope-day.org\/mot-de-la-fondatrice\/#breadcrumb","itemListElement":[{"@type":"ListItem","position":1,"name":"Home","item":"https:\/\/hope-day.org\/"},{"@type":"ListItem","position":2,"name":"Mot de la Fondatrice"}]},{"@type":"WebSite","@id":"https:\/\/hope-day.org\/#website","url":"https:\/\/hope-day.org\/","name":"Hope Day Cameroon Organization","description":"Association pour la protection et le droit de l&#039;enfant au Caemeroun","publisher":{"@id":"https:\/\/hope-day.org\/#organization"},"potentialAction":[{"@type":"SearchAction","target":{"@type":"EntryPoint","urlTemplate":"https:\/\/hope-day.org\/?s={search_term_string}"},"query-input":{"@type":"PropertyValueSpecification","valueRequired":true,"valueName":"search_term_string"}}],"inLanguage":"en-GB"},{"@type":"Organization","@id":"https:\/\/hope-day.org\/#organization","name":"Hope Day Cameroon Organization","url":"https:\/\/hope-day.org\/","logo":{"@type":"ImageObject","inLanguage":"en-GB","@id":"https:\/\/hope-day.org\/#\/schema\/logo\/image\/","url":"https:\/\/hope-day.org\/wp-content\/uploads\/2025\/04\/cropped-cropped-logo-bleu.png","contentUrl":"https:\/\/hope-day.org\/wp-content\/uploads\/2025\/04\/cropped-cropped-logo-bleu.png","width":4007,"height":1401,"caption":"Hope Day Cameroon Organization"},"image":{"@id":"https:\/\/hope-day.org\/#\/schema\/logo\/image\/"}}]}},"_links":{"self":[{"href":"https:\/\/hope-day.org\/en\/wp-json\/wp\/v2\/pages\/36","targetHints":{"allow":["GET"]}}],"collection":[{"href":"https:\/\/hope-day.org\/en\/wp-json\/wp\/v2\/pages"}],"about":[{"href":"https:\/\/hope-day.org\/en\/wp-json\/wp\/v2\/types\/page"}],"author":[{"embeddable":true,"href":"https:\/\/hope-day.org\/en\/wp-json\/wp\/v2\/users\/1"}],"replies":[{"embeddable":true,"href":"https:\/\/hope-day.org\/en\/wp-json\/wp\/v2\/comments?post=36"}],"version-history":[{"count":28,"href":"https:\/\/hope-day.org\/en\/wp-json\/wp\/v2\/pages\/36\/revisions"}],"predecessor-version":[{"id":1930,"href":"https:\/\/hope-day.org\/en\/wp-json\/wp\/v2\/pages\/36\/revisions\/1930"}],"wp:attachment":[{"href":"https:\/\/hope-day.org\/en\/wp-json\/wp\/v2\/media?parent=36"}],"curies":[{"name":"wp","href":"https:\/\/api.w.org\/{rel}","templated":true}]}}